{"id":4719,"date":"2025-06-04T11:42:17","date_gmt":"2025-06-04T08:42:17","guid":{"rendered":"https:\/\/terveelukeskus.ee\/?page_id=4719"},"modified":"2025-10-02T16:12:49","modified_gmt":"2025-10-02T13:12:49","slug":"par-mums","status":"publish","type":"page","link":"https:\/\/terveelukeskus.ee\/lv\/par-mums\/","title":{"rendered":"Par mums"},"content":{"rendered":"<div class=\"vc_row wpb_row vc_row-fluid\"><div class=\"wpb_column vc_column_container vc_col-sm-12\"><div class=\"vc_column-inner\"><div class=\"wpb_wrapper\">\n\t<div class=\"wpb_text_column wpb_content_element\" >\n\t\t<div class=\"wpb_wrapper\">\n\t\t\t<p class=\"ng-star-inserted\"><span class=\"ng-star-inserted\">M\u016bsu komanda Terve Elu Keskus aizraut\u012bgi r\u016bp\u0113jas par cilv\u0113ka integrit\u0101ti. M\u0113s dzi\u013ci ticam, ka gar\u012bg\u0101 un fizisk\u0101 labkl\u0101j\u012bba ir cie\u0161i saist\u012btas un t\u0101s ir apzin\u0101ti j\u0101uztur.<\/span><\/p>\n<p class=\"ng-star-inserted\"><span class=\"ng-star-inserted\">M\u0113s no pirm\u0101s pieredzes zin\u0101m, cik viegli ir aizmirst par savu vesel\u012bbu ikdienas burzm\u0101. Steidzami darba uzdevumi un r\u016bpes par \u0123imeni bie\u017ei vien \u0161\u0137iet steidzam\u0101kas nek\u0101 kluss br\u012bdis sev.<\/span><\/p>\n<p class=\"ng-star-inserted\"><span class=\"ng-star-inserted\">T\u0101p\u0113c esam rad\u012bju\u0161i vietu, kur j\u016bs varat uz br\u012bdi apst\u0101ties un p\u0101rdom\u0101t savas izv\u0113les. M\u0113s ticam, ka tie\u0161i \u0161ie mazie, klusie l\u0113mumi \u2013 vai es atp\u016b\u0161os vai turpinu, vai pa\u0146emu rok\u0101s telefonu vai pavadu laiku \u0101r\u0101 \u2013 galu gal\u0101 veido to, kas m\u0113s esam un kur m\u0113s non\u0101kam dz\u012bv\u0113. <\/span><span class=\"ng-star-inserted\">M\u0113s esam \u0161eit, lai sniegtu jums zin\u0101tn\u0113 balst\u012btas zin\u0101\u0161anas, iedvesmu un atbalstu, lai j\u016bs var\u0113tu izdar\u012bt vislab\u0101ko izv\u0113li savas gar\u012bg\u0101s un fizisk\u0101s vesel\u012bbas lab\u0101.<\/span><\/p>\n<p><strong>Sazinieties ar mums pa e-pastu tere@terveeluskeskus.ee vai noklik\u0161\u0137iniet uz personas v\u0101rda un rakstiet tai tie\u0161i.<\/strong><\/p>\n\n\t\t<\/div>\n\t<\/div>\n<div class=\"vc_separator wpb_content_element vc_separator_align_center vc_sep_width_100 vc_sep_border_width_2 vc_sep_pos_align_center vc_sep_color_peacoc vc_custom_1759410606892 vc_separator-has-text\" ><span class=\"vc_sep_holder vc_sep_holder_l\"><span  class=\"vc_sep_line\"><\/span><\/span><h4>M\u016bsu komanda<\/h4><span class=\"vc_sep_holder vc_sep_holder_r\"><span  class=\"vc_sep_line\"><\/span><\/span>\n<\/div><div class=\"vcex-module vcex-staff-grid-wrap clr\"><div class=\"wpex-row vcex-staff-grid entries wpex-clr match-height-grid\"><div class=\"staff-entry vcex-grid-item span_1_of_4 span_1_of_2_pl span_1_of_2_pp col col-1 has-readmore post-4869 entry type-staff has-media cat-120\"><div class=\"staff-entry-inner entry-inner clr\"><div class=\"staff-entry-media entry-media wpex-clr image-filter-grayscale\"><a href=\"https:\/\/terveelukeskus.ee\/lv\/razotaji\/angelika\/\" title=\"Angelikas komanda\" class=\"staff-entry-media-link\"><img loading=\"lazy\" decoding=\"async\" src=\"https:\/\/terveelukeskus.ee\/wp-content\/uploads\/2025\/10\/angelika-center-top-500x500.jpg\" alt='' data-no-retina width=\"500\" height=\"500\" \/><\/a><\/div><div class=\"staff-entry-details entry-details wpex-clr\"><div class=\"match-height-content\"><h2 class=\"staff-entry-title entry-title\"><a href=\"https:\/\/terveelukeskus.ee\/lv\/razotaji\/angelika\/\">Angelikas komanda<\/a><\/h2><div class=\"staff-entry-excerpt entry-excerpt wpex-clr\"><p>And\u017eelika daudzus gadus ir str\u0101d\u0101jusi par skolot\u0101ju, kas vi\u0146ai ir devis sp\u0113c\u012bgu\u2026<\/p><\/div><div class=\"staff-entry-readmore-wrap entry-readmore-wrap clr\"><a href=\"https:\/\/terveelukeskus.ee\/lv\/razotaji\/angelika\/\" class=\"theme-button\" style=\"border-radius:5px;\">Apskatiet tuv\u0101k<\/a><\/div><\/div><\/div><\/div><\/div><div class=\"staff-entry vcex-grid-item span_1_of_4 span_1_of_2_pl span_1_of_2_pp col col-2 has-readmore post-4850 entry type-staff has-media cat-120\"><div class=\"staff-entry-inner entry-inner clr\"><div class=\"staff-entry-media entry-media wpex-clr image-filter-grayscale\"><a href=\"https:\/\/terveelukeskus.ee\/lv\/razotaji\/marta-liina\/\" title=\"Marta-L\u012bna Kantere\" class=\"staff-entry-media-link\"><img loading=\"lazy\" decoding=\"async\" src=\"https:\/\/terveelukeskus.ee\/wp-content\/uploads\/2025\/10\/pilt-center-top-500x500.jpeg\" alt='' data-no-retina width=\"500\" height=\"500\" \/><\/a><\/div><div class=\"staff-entry-details entry-details wpex-clr\"><div class=\"match-height-content\"><h2 class=\"staff-entry-title entry-title\"><a href=\"https:\/\/terveelukeskus.ee\/lv\/razotaji\/marta-liina\/\">Marta-L\u012bna Kantere<\/a><\/h2><div class=\"staff-entry-excerpt entry-excerpt wpex-clr\"><p>Marta-Liina on \u00f5ppinud Tartu \u00dclikoolis sotsiaalt\u00f6\u00f6d ning t\u00f6\u00f6tanud Tartu Linnavalitsuse&hellip;<\/p><\/div><div class=\"staff-entry-readmore-wrap entry-readmore-wrap clr\"><a href=\"https:\/\/terveelukeskus.ee\/lv\/razotaji\/marta-liina\/\" class=\"theme-button\" style=\"border-radius:5px;\">Apskatiet tuv\u0101k<\/a><\/div><\/div><\/div><\/div><\/div><div class=\"staff-entry vcex-grid-item span_1_of_4 span_1_of_2_pl span_1_of_2_pp col col-3 has-readmore post-4712 entry type-staff has-media cat-3 cat-206\"><div class=\"staff-entry-inner entry-inner clr\"><div class=\"staff-entry-media entry-media wpex-clr image-filter-grayscale\"><a href=\"https:\/\/terveelukeskus.ee\/lv\/razotaji\/andresa-plumju-koks\/\" title=\"Andress Pl\u016bmp\u016b\" class=\"staff-entry-media-link\"><img loading=\"lazy\" decoding=\"async\" src=\"https:\/\/terveelukeskus.ee\/wp-content\/uploads\/2025\/06\/Seitsmenda-Paeva-Adventistide-Kogudus-Elina-marts-2025-14-1-1-center-top-500x500.jpg\" alt='' data-no-retina width=\"500\" height=\"500\" \/><\/a><\/div><div class=\"staff-entry-details entry-details wpex-clr\"><div class=\"match-height-content\"><h2 class=\"staff-entry-title entry-title\"><a href=\"https:\/\/terveelukeskus.ee\/lv\/razotaji\/andresa-plumju-koks\/\">Andress Pl\u016bmp\u016b<\/a><\/h2><div class=\"staff-entry-excerpt entry-excerpt wpex-clr\"><p>Andress ir ordin\u0113ts m\u0101c\u012bt\u0101js ar daudzu gadu pieredzi. Pa\u0161laik vi\u0146\u0161 str\u0101d\u0101\u2026<\/p><\/div><div class=\"staff-entry-readmore-wrap entry-readmore-wrap clr\"><a href=\"https:\/\/terveelukeskus.ee\/lv\/razotaji\/andresa-plumju-koks\/\" class=\"theme-button\" style=\"border-radius:5px;\">Apskatiet tuv\u0101k<\/a><\/div><\/div><\/div><\/div><\/div><div class=\"staff-entry vcex-grid-item span_1_of_4 span_1_of_2_pl span_1_of_2_pp col col-4 has-readmore post-4689 entry type-staff has-media cat-3 cat-56 cat-207\"><div class=\"staff-entry-inner entry-inner clr\"><div class=\"staff-entry-media entry-media wpex-clr image-filter-grayscale\"><a href=\"https:\/\/terveelukeskus.ee\/lv\/razotaji\/svitlana-samoilenko\/\" title=\"Svitlana Samoi\u013cenko\" class=\"staff-entry-media-link\"><img loading=\"lazy\" decoding=\"async\" src=\"https:\/\/terveelukeskus.ee\/wp-content\/uploads\/2025\/06\/Seitsmenda-Paeva-Adventistide-Kogudus-Elina-marts-2025-44-1-center-top-500x500.jpg\" alt='' data-no-retina width=\"500\" height=\"500\" \/><\/a><\/div><div class=\"staff-entry-details entry-details wpex-clr\"><div class=\"match-height-content\"><h2 class=\"staff-entry-title entry-title\"><a href=\"https:\/\/terveelukeskus.ee\/lv\/razotaji\/svitlana-samoilenko\/\">Svitlana Samoi\u013cenko<\/a><\/h2><div class=\"staff-entry-excerpt entry-excerpt wpex-clr\"><p>Svitlana ir traumu jom\u0101 str\u0101d\u0101jo\u0161a sertific\u0113ta kou\u010dinga speci\u0101liste, kas var j\u016bs atbalst\u012bt dz\u012bv\u0113\u2026<\/p><\/div><div class=\"staff-entry-readmore-wrap entry-readmore-wrap clr\"><a href=\"https:\/\/terveelukeskus.ee\/lv\/razotaji\/svitlana-samoilenko\/\" class=\"theme-button\" style=\"border-radius:5px;\">Apskatiet tuv\u0101k<\/a><\/div><\/div><\/div><\/div><\/div><div class=\"staff-entry vcex-grid-item span_1_of_4 span_1_of_2_pl span_1_of_2_pp col col-1 has-readmore post-4693 entry type-staff has-media cat-3 cat-205\"><div class=\"staff-entry-inner entry-inner clr\"><div class=\"staff-entry-media entry-media wpex-clr image-filter-grayscale\"><a href=\"https:\/\/terveelukeskus.ee\/lv\/razotaji\/liina-corgand\/\" title=\"Liina Kurgend\" class=\"staff-entry-media-link\"><img loading=\"lazy\" decoding=\"async\" src=\"https:\/\/terveelukeskus.ee\/wp-content\/uploads\/2025\/06\/Liina_-TEK-1-center-top-500x500.jpg\" alt='' data-no-retina width=\"500\" height=\"500\" \/><\/a><\/div><div class=\"staff-entry-details entry-details wpex-clr\"><div class=\"match-height-content\"><h2 class=\"staff-entry-title entry-title\"><a href=\"https:\/\/terveelukeskus.ee\/lv\/razotaji\/liina-corgand\/\">Liina Kurgend<\/a><\/h2><div class=\"staff-entry-excerpt entry-excerpt wpex-clr\"><p>Liina ir \u0123imenes m\u0101sa ar vair\u0101k nek\u0101 20 gadu pieredzi da\u017e\u0101d\u0101s\u2026<\/p><\/div><div class=\"staff-entry-readmore-wrap entry-readmore-wrap clr\"><a href=\"https:\/\/terveelukeskus.ee\/lv\/razotaji\/liina-corgand\/\" class=\"theme-button\" style=\"border-radius:5px;\">Apskatiet tuv\u0101k<\/a><\/div><\/div><\/div><\/div><\/div><div class=\"staff-entry vcex-grid-item span_1_of_4 span_1_of_2_pl span_1_of_2_pp col col-2 has-readmore post-4230 entry type-staff has-media cat-120\"><div class=\"staff-entry-inner entry-inner clr\"><div class=\"staff-entry-media entry-media wpex-clr image-filter-grayscale\"><a href=\"https:\/\/terveelukeskus.ee\/lv\/razotaji\/ciems\/\" title=\"Vallo P\u00f5ldaru\" class=\"staff-entry-media-link\"><img loading=\"lazy\" decoding=\"async\" src=\"https:\/\/terveelukeskus.ee\/wp-content\/uploads\/2023\/04\/v-center-top-500x500.jpg\" alt='' data-no-retina width=\"500\" height=\"500\" \/><\/a><\/div><div class=\"staff-entry-details entry-details wpex-clr\"><div class=\"match-height-content\"><h2 class=\"staff-entry-title entry-title\"><a href=\"https:\/\/terveelukeskus.ee\/lv\/razotaji\/ciems\/\">Vallo P\u00f5ldaru<\/a><\/h2><div class=\"staff-entry-excerpt entry-excerpt wpex-clr\"><p>Vallo ir pabeidzis studijas teolo\u0123ij\u0101 Augst\u0101kaj\u0101 teolo\u0123ijas semin\u0101r\u0101 un\u2026<\/p><\/div><div class=\"staff-entry-readmore-wrap entry-readmore-wrap clr\"><a href=\"https:\/\/terveelukeskus.ee\/lv\/razotaji\/ciems\/\" class=\"theme-button\" style=\"border-radius:5px;\">Apskatiet tuv\u0101k<\/a><\/div><\/div><\/div><\/div><\/div><div class=\"staff-entry vcex-grid-item span_1_of_4 span_1_of_2_pl span_1_of_2_pp col col-3 has-readmore post-115 entry type-staff has-media cat-3 cat-13 cat-56\"><div class=\"staff-entry-inner entry-inner clr\"><div class=\"staff-entry-media entry-media wpex-clr image-filter-grayscale\"><a href=\"https:\/\/terveelukeskus.ee\/lv\/razotaji\/mardza-randelpa\/\" title=\"M\u0101rd\u017ea Randlepa\" class=\"staff-entry-media-link\"><img loading=\"lazy\" decoding=\"async\" src=\"https:\/\/terveelukeskus.ee\/wp-content\/uploads\/2017\/02\/Seitsmenda-Paeva-Adventistide-Kogudus-Elina-marts-2025-36-1-center-top-500x500.jpg\" alt='' data-no-retina width=\"500\" height=\"500\" \/><\/a><\/div><div class=\"staff-entry-details entry-details wpex-clr\"><div class=\"match-height-content\"><h2 class=\"staff-entry-title entry-title\"><a href=\"https:\/\/terveelukeskus.ee\/lv\/razotaji\/mardza-randelpa\/\">M\u0101rd\u017ea Randlepa<\/a><\/h2><div class=\"staff-entry-excerpt entry-excerpt wpex-clr\"><p>M\u0101rd\u017ea ir ieguvusi ma\u0123istra gr\u0101du reli\u0123ij\u0101 Endrj\u016bsa universit\u0101t\u0113. Vi\u0146a ir ar\u012b apguvusi\u2026<\/p><\/div><div class=\"staff-entry-readmore-wrap entry-readmore-wrap clr\"><a href=\"https:\/\/terveelukeskus.ee\/lv\/razotaji\/mardza-randelpa\/\" class=\"theme-button\" style=\"border-radius:5px;\">Apskatiet tuv\u0101k<\/a><\/div><\/div><\/div><\/div><\/div><\/div><\/div><div class=\"vc_empty_space\"   style=\"height: 30px\"><span class=\"vc_empty_space_inner\"><\/span><\/div><\/div><\/div><\/div><\/div><div class=\"vc_row wpb_row vc_row-fluid shadow wpex-has-overlay\"><div class=\"wpb_column vc_column_container vc_col-sm-12\"><div class=\"vc_column-inner\"><div class=\"wpb_wrapper\">\n\t<div class=\"wpb_text_column wpb_content_element  vc_custom_1759410392722\" >\n\t\t<div class=\"wpb_wrapper\">\n\t\t\t<p>Pied\u0101v\u0101 Vesel\u012bgas dz\u012bves centrs <strong>pakalpojumi ir bez maksas<\/strong>Centra darb\u012bba balst\u0101s uz br\u012bvpr\u0101t\u012bgiem ziedojumiem, un m\u016bsu dibin\u0101t\u0101ja ir Igaunijas Sept\u012bt\u0101s dienas adventistu draud\u017eu savien\u012bba.<\/p>\n\n\t\t<\/div>\n\t<\/div>\n<div class=\"vcex-multi-buttons vcex-clr\" style=\"text-align:left;border-radius:5px;\"><a href=\"https:\/\/toeta.advent.ee\/?projekt=102393#\" class=\"theme-button flat teal vcex-count-1\">Atbalsts<\/a><a href=\"https:\/\/terveelukeskus.ee\/lv\/pvo\/\" class=\"theme-button flat teal vcex-count-2\">K\u0101p\u0113c m\u0113s to dar\u0101m?<\/a><\/div><\/div><\/div><\/div><div class=\"wpex-bg-overlay-wrap\"> <span class=\"wpex-bg-overlay color\" style=\"background-color:#ffffff;\" data-style=\"background-color:#ffffff;\"><\/span><\/div><\/div>","protected":false},"excerpt":{"rendered":"Teenused Hingehoid T\u00f6\u00f6keeled\u00a0Eesti \u00a0Inglise \u00a0Vene Kontakt marge.randlepp@terveelukeskus.ee Margel on l\u00f5petatud magistri\u00f5pinguid Andrewsi \u00dclikoolis religiooni alal. Lisaks v\u00f5etud aineid laste- ja noortet\u00f6\u00f6 alal. Omab peret\u00f6\u00f6 juhi sertifikaati, mis t\u00e4hendab, et tal on hea \u00fclevaade sellistest teemadest nagu pere eesm\u00e4rgid, kommunikatsioon, konfliktide&hellip;","protected":false},"author":16,"featured_media":1116,"parent":0,"menu_order":0,"comment_status":"closed","ping_status":"closed","template":"","meta":{"_acf_changed":false,"footnotes":""},"class_list":["post-4719","page","type-page","status-publish","has-post-thumbnail","hentry","entry","has-media"],"acf":[],"yoast_head":"<!-- This site is optimized with the Yoast SEO plugin v27.3 - https:\/\/yoast.com\/product\/yoast-seo-wordpress\/ -->\n<title>Meist - Terve Elu Keskus<\/title>\n<meta name=\"robots\" content=\"index, follow, max-snippet:-1, max-image-preview:large, max-video-preview:-1\" \/>\n<link rel=\"canonical\" href=\"https:\/\/terveelukeskus.ee\/lv\/par-mums\/\" \/>\n<meta property=\"og:locale\" content=\"lv_LV\" \/>\n<meta property=\"og:type\" content=\"article\" \/>\n<meta property=\"og:title\" content=\"Meist - Terve Elu Keskus\" \/>\n<meta property=\"og:url\" content=\"https:\/\/terveelukeskus.ee\/lv\/par-mums\/\" \/>\n<meta property=\"og:site_name\" content=\"Terve Elu Keskus\" \/>\n<meta property=\"article:publisher\" content=\"https:\/\/www.facebook.com\/terveelukeskus\/\" \/>\n<meta property=\"article:modified_time\" content=\"2025-10-02T13:12:49+00:00\" \/>\n<meta property=\"og:image\" content=\"https:\/\/terveelukeskus.ee\/wp-content\/uploads\/2018\/05\/defaulttek.jpg\" \/>\n\t<meta property=\"og:image:width\" content=\"1600\" \/>\n\t<meta property=\"og:image:height\" content=\"1200\" \/>\n\t<meta property=\"og:image:type\" content=\"image\/jpeg\" \/>\n<meta name=\"twitter:card\" content=\"summary_large_image\" \/>\n<meta name=\"twitter:label1\" content=\"Est. reading time\" \/>\n\t<meta name=\"twitter:data1\" content=\"1 min\u016bte\" \/>\n<script type=\"application\/ld+json\" class=\"yoast-schema-graph\">{\"@context\":\"https:\\\/\\\/schema.org\",\"@graph\":[{\"@type\":\"WebPage\",\"@id\":\"https:\\\/\\\/terveelukeskus.ee\\\/meist\\\/\",\"url\":\"https:\\\/\\\/terveelukeskus.ee\\\/meist\\\/\",\"name\":\"Meist - Terve Elu Keskus\",\"isPartOf\":{\"@id\":\"https:\\\/\\\/terveelukeskus.ee\\\/#website\"},\"primaryImageOfPage\":{\"@id\":\"https:\\\/\\\/terveelukeskus.ee\\\/meist\\\/#primaryimage\"},\"image\":{\"@id\":\"https:\\\/\\\/terveelukeskus.ee\\\/meist\\\/#primaryimage\"},\"thumbnailUrl\":\"https:\\\/\\\/terveelukeskus.ee\\\/wp-content\\\/uploads\\\/2018\\\/05\\\/defaulttek.jpg\",\"datePublished\":\"2025-06-04T08:42:17+00:00\",\"dateModified\":\"2025-10-02T13:12:49+00:00\",\"inLanguage\":\"lv-LV\",\"potentialAction\":[{\"@type\":\"ReadAction\",\"target\":[\"https:\\\/\\\/terveelukeskus.ee\\\/meist\\\/\"]}]},{\"@type\":\"ImageObject\",\"inLanguage\":\"lv-LV\",\"@id\":\"https:\\\/\\\/terveelukeskus.ee\\\/meist\\\/#primaryimage\",\"url\":\"https:\\\/\\\/terveelukeskus.ee\\\/wp-content\\\/uploads\\\/2018\\\/05\\\/defaulttek.jpg\",\"contentUrl\":\"https:\\\/\\\/terveelukeskus.ee\\\/wp-content\\\/uploads\\\/2018\\\/05\\\/defaulttek.jpg\",\"width\":1600,\"height\":1200},{\"@type\":\"WebSite\",\"@id\":\"https:\\\/\\\/terveelukeskus.ee\\\/#website\",\"url\":\"https:\\\/\\\/terveelukeskus.ee\\\/\",\"name\":\"Terve Elu Keskus\",\"description\":\"Terves kehas terve vaim!\",\"publisher\":{\"@id\":\"https:\\\/\\\/terveelukeskus.ee\\\/#organization\"},\"potentialAction\":[{\"@type\":\"SearchAction\",\"target\":{\"@type\":\"EntryPoint\",\"urlTemplate\":\"https:\\\/\\\/terveelukeskus.ee\\\/?s={search_term_string}\"},\"query-input\":{\"@type\":\"PropertyValueSpecification\",\"valueRequired\":true,\"valueName\":\"search_term_string\"}}],\"inLanguage\":\"lv-LV\"},{\"@type\":\"Organization\",\"@id\":\"https:\\\/\\\/terveelukeskus.ee\\\/#organization\",\"name\":\"Terve Elu Keskus\",\"url\":\"https:\\\/\\\/terveelukeskus.ee\\\/\",\"logo\":{\"@type\":\"ImageObject\",\"inLanguage\":\"lv-LV\",\"@id\":\"https:\\\/\\\/terveelukeskus.ee\\\/#\\\/schema\\\/logo\\\/image\\\/\",\"url\":\"https:\\\/\\\/terveelukeskus.ee\\\/wp-content\\\/uploads\\\/2019\\\/09\\\/TEK_logo_v\u00e4rviline.png\",\"contentUrl\":\"https:\\\/\\\/terveelukeskus.ee\\\/wp-content\\\/uploads\\\/2019\\\/09\\\/TEK_logo_v\u00e4rviline.png\",\"width\":3709,\"height\":864,\"caption\":\"Terve Elu Keskus\"},\"image\":{\"@id\":\"https:\\\/\\\/terveelukeskus.ee\\\/#\\\/schema\\\/logo\\\/image\\\/\"},\"sameAs\":[\"https:\\\/\\\/www.facebook.com\\\/terveelukeskus\\\/\"]}]}<\/script>\n<!-- \/ Yoast SEO plugin. -->","yoast_head_json":{"title":"Par mums - Vesel\u012bgas dz\u012bves centrs","robots":{"index":"index","follow":"follow","max-snippet":"max-snippet:-1","max-image-preview":"max-image-preview:large","max-video-preview":"max-video-preview:-1"},"canonical":"https:\/\/terveelukeskus.ee\/lv\/par-mums\/","og_locale":"lv_LV","og_type":"article","og_title":"Meist - Terve Elu Keskus","og_url":"https:\/\/terveelukeskus.ee\/lv\/par-mums\/","og_site_name":"Terve Elu Keskus","article_publisher":"https:\/\/www.facebook.com\/terveelukeskus\/","article_modified_time":"2025-10-02T13:12:49+00:00","og_image":[{"width":1600,"height":1200,"url":"https:\/\/terveelukeskus.ee\/wp-content\/uploads\/2018\/05\/defaulttek.jpg","type":"image\/jpeg"}],"twitter_card":"summary_large_image","twitter_misc":{"Est. reading time":"1 min\u016bte"},"schema":{"@context":"https:\/\/schema.org","@graph":[{"@type":"WebPage","@id":"https:\/\/terveelukeskus.ee\/meist\/","url":"https:\/\/terveelukeskus.ee\/meist\/","name":"Par mums - Vesel\u012bgas dz\u012bves centrs","isPartOf":{"@id":"https:\/\/terveelukeskus.ee\/#website"},"primaryImageOfPage":{"@id":"https:\/\/terveelukeskus.ee\/meist\/#primaryimage"},"image":{"@id":"https:\/\/terveelukeskus.ee\/meist\/#primaryimage"},"thumbnailUrl":"https:\/\/terveelukeskus.ee\/wp-content\/uploads\/2018\/05\/defaulttek.jpg","datePublished":"2025-06-04T08:42:17+00:00","dateModified":"2025-10-02T13:12:49+00:00","inLanguage":"lv-LV","potentialAction":[{"@type":"ReadAction","target":["https:\/\/terveelukeskus.ee\/meist\/"]}]},{"@type":"ImageObject","inLanguage":"lv-LV","@id":"https:\/\/terveelukeskus.ee\/meist\/#primaryimage","url":"https:\/\/terveelukeskus.ee\/wp-content\/uploads\/2018\/05\/defaulttek.jpg","contentUrl":"https:\/\/terveelukeskus.ee\/wp-content\/uploads\/2018\/05\/defaulttek.jpg","width":1600,"height":1200},{"@type":"WebSite","@id":"https:\/\/terveelukeskus.ee\/#website","url":"https:\/\/terveelukeskus.ee\/","name":"Vesel\u012bgas dz\u012bves centrs","description":"Vesel\u012bgs pr\u0101ts vesel\u012bg\u0101 \u0137ermen\u012b!","publisher":{"@id":"https:\/\/terveelukeskus.ee\/#organization"},"potentialAction":[{"@type":"SearchAction","target":{"@type":"EntryPoint","urlTemplate":"https:\/\/terveelukeskus.ee\/?s={search_term_string}"},"query-input":{"@type":"PropertyValueSpecification","valueRequired":true,"valueName":"search_term_string"}}],"inLanguage":"lv-LV"},{"@type":"Organization","@id":"https:\/\/terveelukeskus.ee\/#organization","name":"Vesel\u012bgas dz\u012bves centrs","url":"https:\/\/terveelukeskus.ee\/","logo":{"@type":"ImageObject","inLanguage":"lv-LV","@id":"https:\/\/terveelukeskus.ee\/#\/schema\/logo\/image\/","url":"https:\/\/terveelukeskus.ee\/wp-content\/uploads\/2019\/09\/TEK_logo_v\u00e4rviline.png","contentUrl":"https:\/\/terveelukeskus.ee\/wp-content\/uploads\/2019\/09\/TEK_logo_v\u00e4rviline.png","width":3709,"height":864,"caption":"Terve Elu Keskus"},"image":{"@id":"https:\/\/terveelukeskus.ee\/#\/schema\/logo\/image\/"},"sameAs":["https:\/\/www.facebook.com\/terveelukeskus\/"]}]}},"_links":{"self":[{"href":"https:\/\/terveelukeskus.ee\/lv\/wp-json\/wp\/v2\/pages\/4719","targetHints":{"allow":["GET"]}}],"collection":[{"href":"https:\/\/terveelukeskus.ee\/lv\/wp-json\/wp\/v2\/pages"}],"about":[{"href":"https:\/\/terveelukeskus.ee\/lv\/wp-json\/wp\/v2\/types\/page"}],"author":[{"embeddable":true,"href":"https:\/\/terveelukeskus.ee\/lv\/wp-json\/wp\/v2\/users\/16"}],"replies":[{"embeddable":true,"href":"https:\/\/terveelukeskus.ee\/lv\/wp-json\/wp\/v2\/comments?post=4719"}],"version-history":[{"count":5,"href":"https:\/\/terveelukeskus.ee\/lv\/wp-json\/wp\/v2\/pages\/4719\/revisions"}],"predecessor-version":[{"id":4898,"href":"https:\/\/terveelukeskus.ee\/lv\/wp-json\/wp\/v2\/pages\/4719\/revisions\/4898"}],"wp:featuredmedia":[{"embeddable":true,"href":"https:\/\/terveelukeskus.ee\/lv\/wp-json\/wp\/v2\/media\/1116"}],"wp:attachment":[{"href":"https:\/\/terveelukeskus.ee\/lv\/wp-json\/wp\/v2\/media?parent=4719"}],"curies":[{"name":"wp","href":"https:\/\/api.w.org\/{rel}","templated":true}]}}