{"id":4768,"date":"2025-06-17T15:10:28","date_gmt":"2025-06-17T12:10:28","guid":{"rendered":"https:\/\/terveelukeskus.ee\/?page_id=4768"},"modified":"2025-10-02T15:50:46","modified_gmt":"2025-10-02T12:50:46","slug":"pvo","status":"publish","type":"page","link":"https:\/\/terveelukeskus.ee\/lv\/pvo\/","title":{"rendered":"Kas m\u0113s esam?"},"content":{"rendered":"<div class=\"vc_row wpb_row vc_row-fluid shadow vc_custom_1750161797535\"><div class=\"wpb_column vc_column_container vc_col-sm-8\"><div class=\"vc_column-inner\"><div class=\"wpb_wrapper\">\n\t<div class=\"wpb_text_column wpb_content_element  vc_custom_1750162619446\" >\n\t\t<div class=\"wpb_wrapper\">\n\t\t\t<p>&nbsp;<\/p>\n<p><strong data-start=\"66\" data-end=\"160\">Vesel\u012bgas dz\u012bves centra dibin\u0101t\u0101ja un administratore ir Igaunijas Sept\u012bt\u0101s dienas adventistu draud\u017eu savien\u012bba.<\/strong> \u2014 da\u013ca no glob\u0101l\u0101s adventistu bazn\u012bcas, kur\u0101 ir vair\u0101k nek\u0101 21 miljons locek\u013cu. Igaunij\u0101 darbojas vair\u0101k nek\u0101 20 adventistu bazn\u012bcas, kas atrodas da\u017e\u0101dos re\u0123ionos no Tallinas l\u012bdz Veru. Bazn\u012bca veicina holistisku dz\u012bvesveidu, balstoties uz p\u0101rliec\u012bbu, ka fizisk\u0101, gar\u012bg\u0101 un dv\u0113selisk\u0101 labkl\u0101j\u012bba ir cie\u0161i saist\u012btas.<\/p>\n\n\t\t<\/div>\n\t<\/div>\n<\/div><\/div><\/div><div class=\"wpb_column vc_column_container vc_col-sm-4\"><div class=\"vc_column-inner\"><div class=\"wpb_wrapper\">\n\t<div  class=\"wpb_single_image wpb_content_element vc_align_  vc_custom_1750161832642\">\n\t\t\n\t\t<figure class=\"wpb_wrapper vc_figure\">\n\t\t\t<div class=\"vc_single_image-wrapper   vc_box_border_grey\"><img loading=\"lazy\" decoding=\"async\" width=\"2560\" height=\"586\" src=\"https:\/\/terveelukeskus.ee\/wp-content\/uploads\/2025\/06\/off_logo_2-scaled.png\" class=\"vc_single_image-img attachment-full\" alt=\"\" srcset=\"https:\/\/terveelukeskus.ee\/wp-content\/uploads\/2025\/06\/off_logo_2-scaled.png 2560w, https:\/\/terveelukeskus.ee\/wp-content\/uploads\/2025\/06\/off_logo_2-300x69.png 300w, https:\/\/terveelukeskus.ee\/wp-content\/uploads\/2025\/06\/off_logo_2-1600x366.png 1600w, https:\/\/terveelukeskus.ee\/wp-content\/uploads\/2025\/06\/off_logo_2-768x176.png 768w, https:\/\/terveelukeskus.ee\/wp-content\/uploads\/2025\/06\/off_logo_2-1536x352.png 1536w, https:\/\/terveelukeskus.ee\/wp-content\/uploads\/2025\/06\/off_logo_2-2048x469.png 2048w, https:\/\/terveelukeskus.ee\/wp-content\/uploads\/2025\/06\/off_logo_2-18x4.png 18w\" sizes=\"auto, (max-width: 2560px) 100vw, 2560px\" \/><\/div>\n\t\t<\/figure>\n\t<\/div>\n<\/div><\/div><\/div><\/div><div class=\"vc_row wpb_row vc_row-fluid\"><div class=\"wpb_column vc_column_container vc_col-sm-12\"><div class=\"vc_column-inner\"><div class=\"wpb_wrapper\"><div class=\"vcex-multi-buttons vcex-clr\" style=\"text-align:center;border-radius:5px;\"><a href=\"https:\/\/terveelukeskus.ee\/lv\/kapec\/\" class=\"theme-button flat vcex-count-1\">K\u0101p\u0113c m\u016bs interes\u0113 vesel\u012bba?<\/a><a href=\"https:\/\/terveelukeskus.ee\/lv\/filozofija\/\" class=\"theme-button flat vcex-count-2\">M\u016bsu filozofija<\/a><a href=\"https:\/\/www.advent.ee\/info\/325\/kogudused-ja-kontaktid\/\" class=\"theme-button flat vcex-count-3\">Kontaktinform\u0101cija<\/a><\/div><div class=\"vc_separator wpb_content_element vc_separator_align_center vc_sep_width_100 vc_sep_border_width_2 vc_sep_pos_align_center vc_sep_color_peacoc vc_custom_1759409373276 vc_separator-has-text\" ><span class=\"vc_sep_holder vc_sep_holder_l\"><span  class=\"vc_sep_line\"><\/span><\/span><h4>Vispasaules bazn\u012bca<\/h4><span class=\"vc_sep_holder vc_sep_holder_r\"><span  class=\"vc_sep_line\"><\/span><\/span>\n<\/div>\n\t<div class=\"wpb_text_column wpb_content_element\" >\n\t\t<div class=\"wpb_wrapper\">\n\t\t\t<p><span style=\"font-weight: 400;\">J\u016bs, visticam\u0101k, sastapsiet adventistus ikvien\u0101 pasaules mal\u0101, uz kuru ce\u013cojat. J\u016bs atrad\u012bsiet adventistu draudzi net\u0101lu no pol\u0101r\u0101 loka Norv\u0113\u0123ij\u0101 un Dienvidamerikas dienvidu gal\u0101; Honkong\u0101, Lagos\u0101 vai Sanfrancisko. J\u016bs atrad\u012bsiet adventistus Zagreb\u0101, Jeruzalem\u0113, Sidnej\u0101, Novosibirsk\u0101 un vair\u0101k nek\u0101 37\u00a0000 cit\u0101s viet\u0101s vis\u0101 pasaul\u0113. Patie\u0161\u0101m, ir maz valstu, kur\u0101s nav atrodama adventistu draudze.<\/span><\/p>\n<p><span style=\"font-weight: 400;\">P\u0113d\u0113j\u0101 pusotra gadsimta laik\u0101 Sept\u012bt\u0101s dienas adventistu bazn\u012bca ir izaugusi no nelielas cilv\u0113ku grupas, kas r\u016bp\u012bgi cent\u0101s izprast B\u012bbeli, l\u012bdz glob\u0101lai bazn\u012bcas \u0123imenei, kur\u0101 tagad ir vair\u0101k nek\u0101 21 miljons locek\u013cu un v\u0113l miljoniem citu, kas adventistu bazn\u012bcu sauc par sav\u0101m gar\u012bgaj\u0101m m\u0101j\u0101m.<\/span><\/p>\n<p><span style=\"font-weight: 400;\">M\u0113s dz\u012bvojam 200 valst\u012bs vis\u0101 pasaul\u0113, run\u0101jot un lasot vismaz 700 valod\u0101s un vair\u0101k nek\u0101 t\u016bksto\u0161 dialektos. M\u016bsu radio un telev\u012bzijas p\u0101rraides tiek p\u0101rraid\u012btas vair\u0101k nek\u0101 50 valod\u0101s 24 stundas diennakt\u012b. M\u0113s esam m\u0101jsaimniec\u012bbas darbinieki un premjerministri, skolot\u0101ji un tehnologi, r\u016bpn\u012bcu str\u0101dnieki un sekret\u0101res un daudzi citi. Gandr\u012bz 140 000 cilv\u0113ku vis\u0101s \u0161aj\u0101s valst\u012bs str\u0101d\u0101 bazn\u012bcas glob\u0101laj\u0101s misij\u0101s, pastor\u0101laj\u0101s, vesel\u012bbas apr\u016bpes, izgl\u012bt\u012bbas un atbalsta dienestos.<\/span><\/p>\n<p>&nbsp;<\/p>\n\n\t\t<\/div>\n\t<\/div>\n<\/div><\/div><\/div><\/div><div class=\"vc_row wpb_row vc_row-fluid\"><div class=\"wpb_column vc_column_container vc_col-sm-12\"><div class=\"vc_column-inner\"><div class=\"wpb_wrapper\"><div class=\"vc_separator wpb_content_element vc_separator_align_center vc_sep_width_100 vc_sep_border_width_2 vc_sep_pos_align_center vc_sep_color_peacoc vc_custom_1750161174918 vc_separator-has-text\" ><span class=\"vc_sep_holder vc_sep_holder_l\"><span  class=\"vc_sep_line\"><\/span><\/span><h4>M\u016bsu v\u0101rds<\/h4><span class=\"vc_sep_holder vc_sep_holder_r\"><span  class=\"vc_sep_line\"><\/span><\/span>\n<\/div>\n\t<div class=\"wpb_text_column wpb_content_element\" >\n\t\t<div class=\"wpb_wrapper\">\n\t\t\t<p><span style=\"font-weight: 400;\">Nosaukums \u201cSept\u012bt\u0101s dienas adventisti\u201d iemieso divus svar\u012bgus uzskatus mums k\u0101 draudzei. \u201cAdventisti\u201d atspogu\u013co m\u016bsu kaisl\u012bgo p\u0101rliec\u012bbu, ka J\u0113zus atgrie\u0161an\u0101s ir tuvu (\u201cadvente\u201d). \u201cSept\u012bt\u0101 diena\u201d attiecas uz B\u012bbeles sabatu, kas kop\u0161 rad\u012b\u0161anas vienm\u0113r ir bijis ned\u0113\u013cas sept\u012btaj\u0101 dien\u0101 \u2013 sestdien\u0101.<\/span><\/p>\n<p>&nbsp;<\/p>\n\n\t\t<\/div>\n\t<\/div>\n<\/div><\/div><\/div><\/div><div class=\"vc_row wpb_row vc_row-fluid\"><div class=\"wpb_column vc_column_container vc_col-sm-12\"><div class=\"vc_column-inner\"><div class=\"wpb_wrapper\"><div class=\"vc_separator wpb_content_element vc_separator_align_center vc_sep_width_100 vc_sep_border_width_2 vc_sep_pos_align_center vc_sep_color_peacoc vc_custom_1750162026953 vc_separator-has-text\" ><span class=\"vc_sep_holder vc_sep_holder_l\"><span  class=\"vc_sep_line\"><\/span><\/span><h4>M\u0113s v\u0113lamies r\u016bp\u0113ties<\/h4><span class=\"vc_sep_holder vc_sep_holder_r\"><span  class=\"vc_sep_line\"><\/span><\/span>\n<\/div>\n\t<div class=\"wpb_text_column wpb_content_element\" >\n\t\t<div class=\"wpb_wrapper\">\n\t\t\t<p><span style=\"font-weight: 400;\">Pieder\u012bba m\u016bsu bazn\u012bcai nenoz\u012bm\u0113 tikai tic\u0113t noteikt\u0101m m\u0101c\u012bb\u0101m. Tas galvenok\u0101rt ir dz\u012bvesveids \u2013 dar\u012bt to, kas ir pareizi, b\u016bt cilv\u0113kam pareiz\u0101 veid\u0101, \u012bpa\u0161i cilv\u0113ku vienl\u012bdz\u012bbas kontekst\u0101.<\/span><\/p>\n<p><span style=\"font-weight: 400;\">Vis\u0101 m\u016bsu 150 gadu v\u0113stur\u0113 m\u0113s esam centu\u0161ies pielietot savu tic\u012bbu ikdienas dz\u012bv\u0113. Kad ir notikusi mobiliz\u0101cija armij\u0101, m\u0113s esam pieteiku\u0161ies neapbru\u0146otam dienestam un pild\u012bju\u0161i savu lomu medic\u012bnas vien\u012bb\u0101, r\u016bp\u0113joties par ievainotajiem. Kad notiek dabas katastrofas, m\u0113s esam apvienoju\u0161i sp\u0113kus ar cit\u0101m iest\u0101d\u0113m, lai sniegtu pal\u012bdz\u012bbu katastrofu gad\u012bjumos. M\u0113s esam izveidoju\u0161i patversmes apspiestajiem un tr\u016bc\u012bgajiem, izmantojot visus pieejamos resursus.<\/span><\/p>\n<p><span style=\"font-weight: 400;\">ADRA, m\u016bsu bazn\u012bcas att\u012bst\u012bbas un katastrofu seku likvid\u0113\u0161anas organiz\u0101cija, ir izaugusi no nelielas iniciat\u012bvas 1983. gad\u0101 l\u012bdz glob\u0101lai organiz\u0101cijai ar gada ie\u0146\u0113mumiem simtiem miljonu dol\u0101ru apm\u0113r\u0101. M\u016bsu darbs aptver gandr\u012bz simts valstis un sniedzas no p\u0101rtikas izplat\u012b\u0161anas \u0100frikas b\u0113g\u013cu nometn\u0113s l\u012bdz tualetes b\u016bvniec\u012bbai jaunatt\u012bst\u012bbas valst\u012bs, piem\u0113ram, Pakist\u0101n\u0101, no lauksaimniec\u012bbas intensifik\u0101cijas programm\u0101m Indij\u0101 l\u012bdz hum\u0101najai pal\u012bdz\u012bbai Bosnij\u0101.<\/span><\/p>\n<p><span style=\"font-weight: 400;\">M\u0113s esam viena no piec\u0101m liel\u0101kaj\u0101m starptautiskaj\u0101m br\u012bvpr\u0101t\u012bgo organiz\u0101cij\u0101m, kas iesaist\u012btas p\u0101rtikas izplat\u012b\u0161an\u0101 mazatt\u012bst\u012btaj\u0101s valst\u012bs.<\/span><\/p>\n<a href=\"https:\/\/adra.org\/\" class=\"vcex-button theme-button teal inline animate-on-hover\" style=\"font-size:16px;\"><span class=\"theme-button-inner\">Las\u012bt vair\u0101k par ADRA<span class=\"vcex-icon-wrap theme-button-icon-right\"><span class=\"ticon ticon-arrow-right\" aria-hidden=\"true\"><\/span><\/span><\/span><\/a> \n\n\t\t<\/div>\n\t<\/div>\n<\/div><\/div><\/div><\/div><div class=\"vc_row wpb_row vc_row-fluid\"><div class=\"wpb_column vc_column_container vc_col-sm-12\"><div class=\"vc_column-inner\"><div class=\"wpb_wrapper\"><div class=\"vc_separator wpb_content_element vc_separator_align_center vc_sep_width_100 vc_sep_border_width_2 vc_sep_pos_align_center vc_sep_color_peacoc vc_custom_1750161137731 vc_separator-has-text\" ><span class=\"vc_sep_holder vc_sep_holder_l\"><span  class=\"vc_sep_line\"><\/span><\/span><h4>M\u0113s veicin\u0101m vesel\u012bgu dz\u012bvesveidu<\/h4><span class=\"vc_sep_holder vc_sep_holder_r\"><span  class=\"vc_sep_line\"><\/span><\/span>\n<\/div>\n\t<div class=\"wpb_text_column wpb_content_element\" >\n\t\t<div class=\"wpb_wrapper\">\n\t\t\t<p><span style=\"font-weight: 400;\">M\u016bsu bazn\u012bca vienm\u0113r ir tic\u0113jusi, ka gar\u012bg\u0101 un ment\u0101l\u0101 vesel\u012bba, k\u0101 ar\u012b fizisk\u0101 labkl\u0101j\u012bba ir cie\u0161i saist\u012btas. M\u0113s esam ap\u0146\u0113mu\u0161ies r\u016bp\u0113ties par vesel\u012bbas apr\u016bpi, kas atspogu\u013cojas 154 slimn\u012bc\u0101s, 322 kl\u012bnik\u0101s un 85 cit\u0101s medic\u012bnas iest\u0101d\u0113s vis\u0101 pasaul\u0113.<\/span><\/p>\n<p><span style=\"font-weight: 400;\">M\u0113s augstu v\u0113rt\u0113jam vesel\u012bgu dz\u012bvesveidu k\u0101 svar\u012bgu praktisk\u0101s kristiet\u012bbas sast\u0101vda\u013cu. M\u0113s ticam, ka cilv\u0113ka \u0137ermenis ir viena no liel\u0101kaj\u0101m d\u0101van\u0101m, ko Rad\u012bt\u0101js mums ir devis, un t\u0101p\u0113c ir dabiski dar\u012bt visu iesp\u0113jamo, lai to saglab\u0101tu. Jau bazn\u012bcas pirms\u0101kumos m\u0113s nol\u0113m\u0101m atteikties no noteiktiem p\u0101rtikas produktiem, alkohola un sm\u0113\u0137\u0113\u0161anas. M\u016bsdien\u0101s sarakstam ir pievienotas jaunas kait\u012bgas vielas, no kur\u0101m m\u0113s ar\u012b izvair\u0101mies. <\/span><span style=\"font-weight: 400;\">T\u0101pat m\u0113s uzskat\u0101m par atbild\u012bgu r\u016bp\u0113ties par dabu un m\u016bsu plan\u0113tu, jo t\u0101 ir vide, kur\u0101 m\u0113s dz\u012bvojam un par kuru esam aicin\u0101ti r\u016bp\u0113ties.<\/span><\/p>\n<p><span style=\"font-weight: 400;\">M\u016bsu dz\u012bvesveidu nenosaka vienk\u0101r\u0161i saraksts ar to, ko dar\u012bt un ko nedar\u012bt, bet gan dz\u012bvi apliecino\u0161a attieksme, m\u0113ren\u012bbas un l\u012bdzsvara nov\u0113rt\u0113\u0161ana, k\u0101 ar\u012b vienk\u0101r\u0161u, dabisku vesel\u012bbas uztur\u0113\u0161anas veidu izmanto\u0161ana. M\u0113s neuztveram vesel\u012bbas principus k\u0101 ierobe\u017eojo\u0161us noteikumus, bet gan k\u0101 ikdienas izv\u0113les, kas sniedz taust\u0101mu labumu. P\u0113t\u012bjumi Austr\u0101lij\u0101, Jap\u0101n\u0101, Polij\u0101, Norv\u0113\u0123ij\u0101, Jaunz\u0113land\u0113, Kalifornij\u0101 un N\u012bderland\u0113 apstiprina, ka m\u016bsu dz\u012bvesveidam ir iev\u0113rojamas priek\u0161roc\u012bbas. Mums ir zem\u0101ks plau\u0161u v\u0113\u017ea l\u012bmenis, un, v\u0113l svar\u012bg\u0101k, m\u0113s dz\u012bvojam vid\u0113ji par 6\u20139 gadiem ilg\u0101k nek\u0101 p\u0101r\u0113jie iedz\u012bvot\u0101ji.<\/span><\/p>\n<p><span style=\"font-weight: 400;\">M\u016bsu vesel\u012bbas apr\u016bpes sist\u0113mas m\u0113r\u0137is ir pal\u012bdz\u0113t cilv\u0113kiem ne tikai c\u012bn\u012bties ar slim\u012bb\u0101m, bet ar\u012b t\u0101s nov\u0113rst. M\u0113s sniedzam kvalific\u0113tu medic\u012bnisko apr\u016bpi un konsult\u0101cijas par to, k\u0101 uzlabot vesel\u012bbu, mainot dz\u012bvesveidu.<\/span><\/p>\n<p><span style=\"font-weight: 400;\">K\u0101p\u0113c m\u0113s r\u016bp\u0113jamies par vesel\u012bbu? T\u0101 ir da\u013ca no m\u016bsu kalpo\u0161anas, kuras paraugu J\u0113zus mums r\u0101d\u012bja ar savu dz\u012bvi un m\u0101c\u012bb\u0101m un kuru vi\u0146\u0161 mums uztic\u0113ja turpin\u0101t.<\/span><\/p>\n<a href=\"https:\/\/www.healthministries.com\/\" class=\"vcex-button theme-button teal inline animate-on-hover\" style=\"font-size:16px;\"><span class=\"theme-button-inner\">Lasiet vair\u0101k par m\u016bsu vesel\u012bbas apr\u016bpes sist\u0113mu<span class=\"vcex-icon-wrap theme-button-icon-right\"><span class=\"ticon ticon-arrow-right\" aria-hidden=\"true\"><\/span><\/span><\/span><\/a> \n\n\t\t<\/div>\n\t<\/div>\n<\/div><\/div><\/div><\/div><div class=\"vc_row wpb_row vc_row-fluid\"><div class=\"wpb_column vc_column_container vc_col-sm-12\"><div class=\"vc_column-inner\"><div class=\"wpb_wrapper\"><div class=\"vc_empty_space\"   style=\"height: 48px\"><span class=\"vc_empty_space_inner\"><\/span><\/div><\/div><\/div><\/div><\/div>","protected":false},"excerpt":{"rendered":"&nbsp; Vesel\u012bgas dz\u012bves centra dibin\u0101t\u0101ja un administratore ir Igaunijas Sept\u012bt\u0101s dienas adventistu draud\u017eu savien\u012bba \u2014 da\u013ca no glob\u0101l\u0101s adventistu bazn\u012bcas, kur\u0101 ir vair\u0101k nek\u0101 21 miljons biedru. Igaunij\u0101 ir vair\u0101k nek\u0101 20 akt\u012bvu adventistu draud\u017eu, kas atrodas da\u017e\u0101dos re\u0123ionos no Tallinas l\u012bdz Veru. Bazn\u012bca veicina holistisku\u2026","protected":false},"author":16,"featured_media":1116,"parent":0,"menu_order":0,"comment_status":"closed","ping_status":"closed","template":"","meta":{"_acf_changed":false,"footnotes":""},"class_list":["post-4768","page","type-page","status-publish","has-post-thumbnail","hentry","entry","has-media"],"acf":[],"yoast_head":"<!-- This site is optimized with the Yoast SEO plugin v27.3 - https:\/\/yoast.com\/product\/yoast-seo-wordpress\/ -->\n<title>Kes me oleme? - Terve Elu Keskus<\/title>\n<meta name=\"description\" content=\"Terve Elu Keskust haldab Seitsmenda P\u00e4eva Adventistide Koguduste Eesti Liit. Kes me oleme ja mille eest seisame?\" \/>\n<meta name=\"robots\" content=\"index, follow, max-snippet:-1, max-image-preview:large, max-video-preview:-1\" \/>\n<link rel=\"canonical\" href=\"https:\/\/terveelukeskus.ee\/lv\/pvo\/\" \/>\n<meta property=\"og:locale\" content=\"lv_LV\" \/>\n<meta property=\"og:type\" content=\"article\" \/>\n<meta property=\"og:title\" content=\"Kes me oleme? - Terve Elu Keskus\" \/>\n<meta property=\"og:description\" content=\"Terve Elu Keskust haldab Seitsmenda P\u00e4eva Adventistide Koguduste Eesti Liit. Kes me oleme ja mille eest seisame?\" \/>\n<meta property=\"og:url\" content=\"https:\/\/terveelukeskus.ee\/lv\/pvo\/\" \/>\n<meta property=\"og:site_name\" content=\"Terve Elu Keskus\" \/>\n<meta property=\"article:publisher\" content=\"https:\/\/www.facebook.com\/terveelukeskus\/\" \/>\n<meta property=\"article:modified_time\" content=\"2025-10-02T12:50:46+00:00\" \/>\n<meta property=\"og:image\" content=\"https:\/\/terveelukeskus.ee\/wp-content\/uploads\/2018\/05\/defaulttek.jpg\" \/>\n\t<meta property=\"og:image:width\" content=\"1600\" \/>\n\t<meta property=\"og:image:height\" content=\"1200\" \/>\n\t<meta property=\"og:image:type\" content=\"image\/jpeg\" \/>\n<meta name=\"twitter:card\" content=\"summary_large_image\" \/>\n<meta name=\"twitter:label1\" content=\"Est. reading time\" \/>\n\t<meta name=\"twitter:data1\" content=\"1 min\u016bte\" \/>\n<script type=\"application\/ld+json\" class=\"yoast-schema-graph\">{\"@context\":\"https:\\\/\\\/schema.org\",\"@graph\":[{\"@type\":\"WebPage\",\"@id\":\"https:\\\/\\\/terveelukeskus.ee\\\/kes\\\/\",\"url\":\"https:\\\/\\\/terveelukeskus.ee\\\/kes\\\/\",\"name\":\"Kes me oleme? - Terve Elu Keskus\",\"isPartOf\":{\"@id\":\"https:\\\/\\\/terveelukeskus.ee\\\/#website\"},\"primaryImageOfPage\":{\"@id\":\"https:\\\/\\\/terveelukeskus.ee\\\/kes\\\/#primaryimage\"},\"image\":{\"@id\":\"https:\\\/\\\/terveelukeskus.ee\\\/kes\\\/#primaryimage\"},\"thumbnailUrl\":\"https:\\\/\\\/terveelukeskus.ee\\\/wp-content\\\/uploads\\\/2018\\\/05\\\/defaulttek.jpg\",\"datePublished\":\"2025-06-17T12:10:28+00:00\",\"dateModified\":\"2025-10-02T12:50:46+00:00\",\"description\":\"Terve Elu Keskust haldab Seitsmenda P\u00e4eva Adventistide Koguduste Eesti Liit. Kes me oleme ja mille eest seisame?\",\"inLanguage\":\"lv-LV\",\"potentialAction\":[{\"@type\":\"ReadAction\",\"target\":[\"https:\\\/\\\/terveelukeskus.ee\\\/kes\\\/\"]}]},{\"@type\":\"ImageObject\",\"inLanguage\":\"lv-LV\",\"@id\":\"https:\\\/\\\/terveelukeskus.ee\\\/kes\\\/#primaryimage\",\"url\":\"https:\\\/\\\/terveelukeskus.ee\\\/wp-content\\\/uploads\\\/2018\\\/05\\\/defaulttek.jpg\",\"contentUrl\":\"https:\\\/\\\/terveelukeskus.ee\\\/wp-content\\\/uploads\\\/2018\\\/05\\\/defaulttek.jpg\",\"width\":1600,\"height\":1200},{\"@type\":\"WebSite\",\"@id\":\"https:\\\/\\\/terveelukeskus.ee\\\/#website\",\"url\":\"https:\\\/\\\/terveelukeskus.ee\\\/\",\"name\":\"Terve Elu Keskus\",\"description\":\"Terves kehas terve vaim!\",\"publisher\":{\"@id\":\"https:\\\/\\\/terveelukeskus.ee\\\/#organization\"},\"potentialAction\":[{\"@type\":\"SearchAction\",\"target\":{\"@type\":\"EntryPoint\",\"urlTemplate\":\"https:\\\/\\\/terveelukeskus.ee\\\/?s={search_term_string}\"},\"query-input\":{\"@type\":\"PropertyValueSpecification\",\"valueRequired\":true,\"valueName\":\"search_term_string\"}}],\"inLanguage\":\"lv-LV\"},{\"@type\":\"Organization\",\"@id\":\"https:\\\/\\\/terveelukeskus.ee\\\/#organization\",\"name\":\"Terve Elu Keskus\",\"url\":\"https:\\\/\\\/terveelukeskus.ee\\\/\",\"logo\":{\"@type\":\"ImageObject\",\"inLanguage\":\"lv-LV\",\"@id\":\"https:\\\/\\\/terveelukeskus.ee\\\/#\\\/schema\\\/logo\\\/image\\\/\",\"url\":\"https:\\\/\\\/terveelukeskus.ee\\\/wp-content\\\/uploads\\\/2019\\\/09\\\/TEK_logo_v\u00e4rviline.png\",\"contentUrl\":\"https:\\\/\\\/terveelukeskus.ee\\\/wp-content\\\/uploads\\\/2019\\\/09\\\/TEK_logo_v\u00e4rviline.png\",\"width\":3709,\"height\":864,\"caption\":\"Terve Elu Keskus\"},\"image\":{\"@id\":\"https:\\\/\\\/terveelukeskus.ee\\\/#\\\/schema\\\/logo\\\/image\\\/\"},\"sameAs\":[\"https:\\\/\\\/www.facebook.com\\\/terveelukeskus\\\/\"]}]}<\/script>\n<!-- \/ Yoast SEO plugin. -->","yoast_head_json":{"title":"Kas m\u0113s esam? - Vesel\u012bgas dz\u012bves centrs","description":"Vesel\u012bgas dz\u012bves centru p\u0101rvalda Igaunijas Sept\u012bt\u0101s dienas adventistu draud\u017eu savien\u012bba. Kas m\u0113s esam un ko m\u0113s p\u0101rst\u0101vam?","robots":{"index":"index","follow":"follow","max-snippet":"max-snippet:-1","max-image-preview":"max-image-preview:large","max-video-preview":"max-video-preview:-1"},"canonical":"https:\/\/terveelukeskus.ee\/lv\/pvo\/","og_locale":"lv_LV","og_type":"article","og_title":"Kes me oleme? - Terve Elu Keskus","og_description":"Terve Elu Keskust haldab Seitsmenda P\u00e4eva Adventistide Koguduste Eesti Liit. Kes me oleme ja mille eest seisame?","og_url":"https:\/\/terveelukeskus.ee\/lv\/pvo\/","og_site_name":"Terve Elu Keskus","article_publisher":"https:\/\/www.facebook.com\/terveelukeskus\/","article_modified_time":"2025-10-02T12:50:46+00:00","og_image":[{"width":1600,"height":1200,"url":"https:\/\/terveelukeskus.ee\/wp-content\/uploads\/2018\/05\/defaulttek.jpg","type":"image\/jpeg"}],"twitter_card":"summary_large_image","twitter_misc":{"Est. reading time":"1 min\u016bte"},"schema":{"@context":"https:\/\/schema.org","@graph":[{"@type":"WebPage","@id":"https:\/\/terveelukeskus.ee\/kes\/","url":"https:\/\/terveelukeskus.ee\/kes\/","name":"Kas m\u0113s esam? - Vesel\u012bgas dz\u012bves centrs","isPartOf":{"@id":"https:\/\/terveelukeskus.ee\/#website"},"primaryImageOfPage":{"@id":"https:\/\/terveelukeskus.ee\/kes\/#primaryimage"},"image":{"@id":"https:\/\/terveelukeskus.ee\/kes\/#primaryimage"},"thumbnailUrl":"https:\/\/terveelukeskus.ee\/wp-content\/uploads\/2018\/05\/defaulttek.jpg","datePublished":"2025-06-17T12:10:28+00:00","dateModified":"2025-10-02T12:50:46+00:00","description":"Vesel\u012bgas dz\u012bves centru p\u0101rvalda Igaunijas Sept\u012bt\u0101s dienas adventistu draud\u017eu savien\u012bba. Kas m\u0113s esam un ko m\u0113s p\u0101rst\u0101vam?","inLanguage":"lv-LV","potentialAction":[{"@type":"ReadAction","target":["https:\/\/terveelukeskus.ee\/kes\/"]}]},{"@type":"ImageObject","inLanguage":"lv-LV","@id":"https:\/\/terveelukeskus.ee\/kes\/#primaryimage","url":"https:\/\/terveelukeskus.ee\/wp-content\/uploads\/2018\/05\/defaulttek.jpg","contentUrl":"https:\/\/terveelukeskus.ee\/wp-content\/uploads\/2018\/05\/defaulttek.jpg","width":1600,"height":1200},{"@type":"WebSite","@id":"https:\/\/terveelukeskus.ee\/#website","url":"https:\/\/terveelukeskus.ee\/","name":"Vesel\u012bgas dz\u012bves centrs","description":"Vesel\u012bgs pr\u0101ts vesel\u012bg\u0101 \u0137ermen\u012b!","publisher":{"@id":"https:\/\/terveelukeskus.ee\/#organization"},"potentialAction":[{"@type":"SearchAction","target":{"@type":"EntryPoint","urlTemplate":"https:\/\/terveelukeskus.ee\/?s={search_term_string}"},"query-input":{"@type":"PropertyValueSpecification","valueRequired":true,"valueName":"search_term_string"}}],"inLanguage":"lv-LV"},{"@type":"Organization","@id":"https:\/\/terveelukeskus.ee\/#organization","name":"Vesel\u012bgas dz\u012bves centrs","url":"https:\/\/terveelukeskus.ee\/","logo":{"@type":"ImageObject","inLanguage":"lv-LV","@id":"https:\/\/terveelukeskus.ee\/#\/schema\/logo\/image\/","url":"https:\/\/terveelukeskus.ee\/wp-content\/uploads\/2019\/09\/TEK_logo_v\u00e4rviline.png","contentUrl":"https:\/\/terveelukeskus.ee\/wp-content\/uploads\/2019\/09\/TEK_logo_v\u00e4rviline.png","width":3709,"height":864,"caption":"Terve Elu Keskus"},"image":{"@id":"https:\/\/terveelukeskus.ee\/#\/schema\/logo\/image\/"},"sameAs":["https:\/\/www.facebook.com\/terveelukeskus\/"]}]}},"_links":{"self":[{"href":"https:\/\/terveelukeskus.ee\/lv\/wp-json\/wp\/v2\/pages\/4768","targetHints":{"allow":["GET"]}}],"collection":[{"href":"https:\/\/terveelukeskus.ee\/lv\/wp-json\/wp\/v2\/pages"}],"about":[{"href":"https:\/\/terveelukeskus.ee\/lv\/wp-json\/wp\/v2\/types\/page"}],"author":[{"embeddable":true,"href":"https:\/\/terveelukeskus.ee\/lv\/wp-json\/wp\/v2\/users\/16"}],"replies":[{"embeddable":true,"href":"https:\/\/terveelukeskus.ee\/lv\/wp-json\/wp\/v2\/comments?post=4768"}],"version-history":[{"count":5,"href":"https:\/\/terveelukeskus.ee\/lv\/wp-json\/wp\/v2\/pages\/4768\/revisions"}],"predecessor-version":[{"id":4886,"href":"https:\/\/terveelukeskus.ee\/lv\/wp-json\/wp\/v2\/pages\/4768\/revisions\/4886"}],"wp:featuredmedia":[{"embeddable":true,"href":"https:\/\/terveelukeskus.ee\/lv\/wp-json\/wp\/v2\/media\/1116"}],"wp:attachment":[{"href":"https:\/\/terveelukeskus.ee\/lv\/wp-json\/wp\/v2\/media?parent=4768"}],"curies":[{"name":"wp","href":"https:\/\/api.w.org\/{rel}","templated":true}]}}